{"id":767,"date":"2022-03-02T07:39:54","date_gmt":"2022-03-02T07:39:54","guid":{"rendered":"https:\/\/cyfsrl.com.ar\/?page_id=767"},"modified":"2022-03-02T11:07:48","modified_gmt":"2022-03-02T11:07:48","slug":"politica-de-privacidad-cf-s-r-l","status":"publish","type":"page","link":"https:\/\/cyfsrl.com.ar\/en\/politica-de-privacidad-cf-s-r-l\/","title":{"rendered":"Pol\u00edtica de privacidad C&#038;F S.R.L."},"content":{"rendered":"<div data-elementor-type=\"wp-page\" data-elementor-id=\"767\" class=\"elementor elementor-767\">\n\t\t\t\t\t\t<section class=\"elementor-section elementor-top-section elementor-element elementor-element-5aacb3ec elementor-section-boxed elementor-section-height-default elementor-section-height-default\" data-id=\"5aacb3ec\" data-element_type=\"section\" data-e-type=\"section\">\n\t\t\t\t\t\t<div class=\"elementor-container elementor-column-gap-default\">\n\t\t\t\t\t<div class=\"elementor-column elementor-col-100 elementor-top-column elementor-element elementor-element-7a3766ab\" data-id=\"7a3766ab\" data-element_type=\"column\" data-e-type=\"column\">\n\t\t\t<div class=\"elementor-widget-wrap elementor-element-populated\">\n\t\t\t\t\t\t<div class=\"elementor-element elementor-element-556e7b38 elementor-widget elementor-widget-text-editor\" data-id=\"556e7b38\" data-element_type=\"widget\" data-e-type=\"widget\" data-widget_type=\"text-editor.default\">\n\t\t\t\t<div class=\"elementor-widget-container\">\n\t\t\t\t\t\t\t\t\t\n<p>A continuaci\u00f3n te detallamos las pol\u00edticas de privacidad de nuestra compa\u00f1\u00eda: <\/p>\n\t\t\t\t\t\t\t\t<\/div>\n\t\t\t\t<\/div>\n\t\t\t\t\t<\/div>\n\t\t<\/div>\n\t\t\t\t\t<\/div>\n\t\t<\/section>\n\t\t\t\t<section class=\"elementor-section elementor-top-section elementor-element elementor-element-8a4139e elementor-section-boxed elementor-section-height-default elementor-section-height-default\" data-id=\"8a4139e\" data-element_type=\"section\" data-e-type=\"section\">\n\t\t\t\t\t\t<div class=\"elementor-container elementor-column-gap-default\">\n\t\t\t\t\t<div class=\"elementor-column elementor-col-100 elementor-top-column elementor-element elementor-element-d3c3676\" data-id=\"d3c3676\" data-element_type=\"column\" data-e-type=\"column\">\n\t\t\t<div class=\"elementor-widget-wrap elementor-element-populated\">\n\t\t\t\t\t\t<div class=\"elementor-element elementor-element-f0d4db5 elementor-widget elementor-widget-text-editor\" data-id=\"f0d4db5\" data-element_type=\"widget\" data-e-type=\"widget\" data-widget_type=\"text-editor.default\">\n\t\t\t\t<div class=\"elementor-widget-container\">\n\t\t\t\t\t\t\t\t\t<h3><strong>Objeto<\/strong><\/h3>\n<p>El objeto de la pol\u00edtica de privacidad de C &amp; F S.R.L. (\u201cC&amp;F\u201d o la \u201cEmpresa\u201d), consiste en la protecci\u00f3n integral de los datos personales asentados en los registros y bancos de datos de la Empresa, se traten los mismos de los empleados, proveedores, clientes y\/o, en general,<br \/>cualquier dato personal de terceros que por cualquier raz\u00f3n se vinculen con la Empresa y suministre sus datos para su incorporaci\u00f3n a una base de datos de la Empresa. La protecci\u00f3n integral que procura brindar esta pol\u00edtica, tiende a resguardar derechos constitucionales de los<br \/>titulares de los datos, con particular \u00e9nfasis en los derechos al honor y la intimidad. Queda expresamente aclarado que toda menci\u00f3n que se efect\u00fae en esta Pol\u00edtica de Privacidad a datos personales y\/o bancos de datos de la Empresa, incluye \u2013 sin ning\u00fan tipo de limitaci\u00f3n \u2013 la informaci\u00f3n de valor comercial y\/o informaci\u00f3n sensible de los titulares de tales dato, con particular referencia a la informaci\u00f3n a la que C&amp;F acceda, con motivo y\/o en ocasi\u00f3n de prestar servicios (documentos, f\u00f3rmulas, m\u00e9todos, procesos, etc).<\/p>\n<p>En particular, esta pol\u00edtica resultar\u00e1 aplicable al tratamiento de datos personales y a las bases de datos que se generen de su organizaci\u00f3n como conjunto, como as\u00ed tambi\u00e9n al tratamiento que, de dichos datos, realice la Empresa (incluyendo, sin limitaci\u00f3n, la recolecci\u00f3n, conservaci\u00f3n,<br \/>ordenaci\u00f3n, almacenamiento, modificaci\u00f3n, relacionamiento, evaluaci\u00f3n, bloqueo, destrucci\u00f3n y,<br \/>en general, el procesamiento de datos personales).<\/p>\n<p>C&amp;F, como responsable de la base de datos, reconoce la titularidad de los datos en cabeza de las personas f\u00edsicas y\/o jur\u00eddicas que los suministren, comprometi\u00e9ndose a cumplir y hacer cumplir la ley 25326 de protecci\u00f3n de datos personales, como as\u00ed tambi\u00e9n a someterse a las directivas que sobre el particular imparta la autoridad de aplicaci\u00f3n, la Direcci\u00f3n Nacional de Protecci\u00f3n de Datos Personales (DNPDP).<\/p>\t\t\t\t\t\t\t\t<\/div>\n\t\t\t\t<\/div>\n\t\t\t\t\t<\/div>\n\t\t<\/div>\n\t\t\t\t\t<\/div>\n\t\t<\/section>\n\t\t\t\t<section class=\"elementor-section elementor-top-section elementor-element elementor-element-a9697c6 elementor-section-boxed elementor-section-height-default elementor-section-height-default\" data-id=\"a9697c6\" data-element_type=\"section\" data-e-type=\"section\">\n\t\t\t\t\t\t<div class=\"elementor-container elementor-column-gap-default\">\n\t\t\t\t\t<div class=\"elementor-column elementor-col-100 elementor-top-column elementor-element elementor-element-abec96f\" data-id=\"abec96f\" data-element_type=\"column\" data-e-type=\"column\">\n\t\t\t<div class=\"elementor-widget-wrap elementor-element-populated\">\n\t\t\t\t\t\t<div class=\"elementor-element elementor-element-b307cd6 elementor-widget elementor-widget-text-editor\" data-id=\"b307cd6\" data-element_type=\"widget\" data-e-type=\"widget\" data-widget_type=\"text-editor.default\">\n\t\t\t\t<div class=\"elementor-widget-container\">\n\t\t\t\t\t\t\t\t\t<h3><strong>T\u00e9rminos de la Pol\u00edtica.<\/strong><\/h3>\n<p>La pol\u00edtica de privacidad de C&amp;F tiende a dar adecuada protecci\u00f3n a los datos personales que recabe en el ejercicio de su actividad comercial, asumiendo el cumplimiento de la totalidad de las estipulaciones establecidas en la ley 25326; raz\u00f3n por la cual, C&amp;F se compromete a:<\/p>\n<p>a) No conformar bases de datos con fines contrarios a las leyes, como tampoco formar bases de datos que no sean objeto de inscripci\u00f3n por ante la DNPDP.<\/p>\n<p><br \/>b) Integrar las bases de datos con datos ciertos, adecuados y pertinentes a los fines de su recolecci\u00f3n, recolectados por medios l\u00edcitos para ser utilizados a los fines informados al titular de los datos, comprometi\u00e9ndose a procurar a dichos datos un procesamiento adecuado de modo tal de tener la posibilidad de suprimir o sustituir aquellos datos que constate que sean incompletos o inexactos, como as\u00ed tambi\u00e9n garantizando a los titulares de los datos el derecho de acceso sobre los mismos.<\/p>\n<p><br \/>c) Destruir los datos y\/o la informaci\u00f3n relacionada a los datos personales que hayan dejado de ser necesarios y\/o pertinentes a los fines de su recolecci\u00f3n.<\/p>\n<p>El personal de la Empresa que acceda a los datos personales y\/o que intervenga en cualquier proceso administrativo y\/o comercial que involucre datos personales deber\u00e1 comprometerse a cumplir con esta pol\u00edtica de privacidad, asegur\u00e1ndose que los titulares de los datos hayan prestado el consentimiento libre y expreso, previa informaci\u00f3n del tratamiento que se procurar\u00e1 a los mismos. A los efectos precedentes, se tendr\u00e1 en cuenta como suficiente autorizaci\u00f3n (en los t\u00e9rminos del art. 5 de la ley de datos y las excepciones introducidas por su apartado 2) que los datos aportados en un contrato comercial por proveedores y\/o clientes, como as\u00ed tambi\u00e9n la firma estampada por los empleados al momento de completar la planilla de datos correspondiente como empleados.<\/p>\n<p>El personal de la Empresa que tenga acceso a los datos personales de clientes, proveedores y empleados, en cualquier fase del proceso, deber\u00e1 tener en cuenta que deben informar a los titulares de los datos la finalidad para la que dichos datos son recabados, sobre la existencia de bases de datos inscriptas por ante la DNPDP, sobre la obligatoriedad o no de completar todos los campos de los formularios de recolecci\u00f3n de datos y de asegurar al titular de los datos el derecho de acceso, rectificaci\u00f3n y supresi\u00f3n de datos.<\/p>\n<p>En todos los casos, queda prohibido al personal de la Empresa que intervenga en los procesos de recolecci\u00f3n y\/o tratamiento de datos, solicitar a los titulares de los datos el suministro de datos de car\u00e1cter sensible, por no ser necesarios ni pertinentes a los fines requeridos por la actividad comercial de la Empresa. A todo evento, si un titular de datos suministrara voluntariamente datos de car\u00e1cter sensible, los mismos deber\u00e1n ser destruidos inmediatamente por no resultar necesarios a los fines de su utilizaci\u00f3n.<\/p>\n<p>Se establece en forma expresa que los datos personales recolectados no podr\u00e1n ser cedidos a ning\u00fan tercero, con excepci\u00f3n de los supuestos legales. De tal modo, queda establecido que el personal de la Empresa que acceda a los procesos de tratamiento de datos personales deber\u00e1n tener presente que no existe consentimiento expreso de los titulares para la cesi\u00f3n de los mismos, por existir el\u00a0 compromiso de C&amp;F de no hacer cesi\u00f3n de dichos datos. Solo podr\u00e1n divulgar los datos personales que integran las bases de datos en caso que mediare disposici\u00f3n legal que as\u00ed lo estableciere, en caso de requerimiento judicial y\/o administrativo cursado por autoridad con facultades para formular dichos requerimientos y, en general, cuando sea realizado por \u00f3rganos del Estado en forma directa, en el \u00e1mbito de las respectivas competencias.<\/p>\t\t\t\t\t\t\t\t<\/div>\n\t\t\t\t<\/div>\n\t\t\t\t\t<\/div>\n\t\t<\/div>\n\t\t\t\t\t<\/div>\n\t\t<\/section>\n\t\t\t\t<section class=\"elementor-section elementor-top-section elementor-element elementor-element-b14b25d elementor-section-boxed elementor-section-height-default elementor-section-height-default\" data-id=\"b14b25d\" data-element_type=\"section\" data-e-type=\"section\">\n\t\t\t\t\t\t<div class=\"elementor-container elementor-column-gap-default\">\n\t\t\t\t\t<div class=\"elementor-column elementor-col-100 elementor-top-column elementor-element elementor-element-b020f00\" data-id=\"b020f00\" data-element_type=\"column\" data-e-type=\"column\">\n\t\t\t<div class=\"elementor-widget-wrap elementor-element-populated\">\n\t\t\t\t\t\t<div class=\"elementor-element elementor-element-e6218ea elementor-widget elementor-widget-text-editor\" data-id=\"e6218ea\" data-element_type=\"widget\" data-e-type=\"widget\" data-widget_type=\"text-editor.default\">\n\t\t\t\t<div class=\"elementor-widget-container\">\n\t\t\t\t\t\t\t\t\t<h3>Confidencialidad de los Datos Personales.<\/h3>\n<p><br \/>Todo el personal que acceda a los datos personales y\/o queparticipe en cualquiera de los procesos que involucren datos personales, tenga relaci\u00f3n de dependencia con la Empresa y\/o se trate de proveedores externos, deber\u00e1 suscribir los convenios de confidencialidad correspondientes que garanticen el adecuado ejercicio del deber de confidencialidad. Dicha obligaci\u00f3n subsistir\u00e1 a perpetuidad luego de finalizado el v\u00ednculo laboral con la Empresa. Esta obligaci\u00f3n solo puede ser relevada cuando mediaren fundadas razones relativas a la seguridad p\u00fablica, defensa nacional y\/o salud p\u00fablica, circunstancias que no pueden ser determinadas unilateralmente por el personal sino que requerir\u00e1n de intervenci\u00f3n judicial y\/o administrativa y\/o que existan razones de extrema urgencia que justifiquen el obrar de personal.<\/p>\t\t\t\t\t\t\t\t<\/div>\n\t\t\t\t<\/div>\n\t\t\t\t\t<\/div>\n\t\t<\/div>\n\t\t\t\t\t<\/div>\n\t\t<\/section>\n\t\t\t\t<section class=\"elementor-section elementor-top-section elementor-element elementor-element-60f0ba9 elementor-section-boxed elementor-section-height-default elementor-section-height-default\" data-id=\"60f0ba9\" data-element_type=\"section\" data-e-type=\"section\">\n\t\t\t\t\t\t<div class=\"elementor-container elementor-column-gap-default\">\n\t\t\t\t\t<div class=\"elementor-column elementor-col-100 elementor-top-column elementor-element elementor-element-7f7fc11\" data-id=\"7f7fc11\" data-element_type=\"column\" data-e-type=\"column\">\n\t\t\t<div class=\"elementor-widget-wrap elementor-element-populated\">\n\t\t\t\t\t\t<div class=\"elementor-element elementor-element-a3137a6 elementor-widget elementor-widget-text-editor\" data-id=\"a3137a6\" data-element_type=\"widget\" data-e-type=\"widget\" data-widget_type=\"text-editor.default\">\n\t\t\t\t<div class=\"elementor-widget-container\">\n\t\t\t\t\t\t\t\t\t<h3>Manual de Pr\u00e1cticas y Pol\u00edticas de Seguridad.<\/h3>\n<p><br \/>El personal que acceda a los datos personales y\/o que participe en cualquiera de los procesos que involucren datos personales deber\u00e1 conocer y aplicar al manual de seguridad que est\u00e1 a su disposici\u00f3n en la Empresa. Consecuentemente, el personal deber\u00e1 respetar y hacer respetar dicho Manual, al tiempo que en caso de tomar conocimiento de alguna violaci\u00f3n a los t\u00e9rminos de dicho Manual deber\u00e1 dar aviso al responsable del \u00e1rea correspondiente para que adopte medidas pertinentes de cuidado en tutela de los datos personales protegidos.<\/p>\t\t\t\t\t\t\t\t<\/div>\n\t\t\t\t<\/div>\n\t\t\t\t\t<\/div>\n\t\t<\/div>\n\t\t\t\t\t<\/div>\n\t\t<\/section>\n\t\t\t\t<section class=\"elementor-section elementor-top-section elementor-element elementor-element-e9ab226 elementor-section-boxed elementor-section-height-default elementor-section-height-default\" data-id=\"e9ab226\" data-element_type=\"section\" data-e-type=\"section\">\n\t\t\t\t\t\t<div class=\"elementor-container elementor-column-gap-default\">\n\t\t\t\t\t<div class=\"elementor-column elementor-col-100 elementor-top-column elementor-element elementor-element-2309079\" data-id=\"2309079\" data-element_type=\"column\" data-e-type=\"column\">\n\t\t\t<div class=\"elementor-widget-wrap elementor-element-populated\">\n\t\t\t\t\t\t<div class=\"elementor-element elementor-element-a612d0d elementor-widget elementor-widget-text-editor\" data-id=\"a612d0d\" data-element_type=\"widget\" data-e-type=\"widget\" data-widget_type=\"text-editor.default\">\n\t\t\t\t<div class=\"elementor-widget-container\">\n\t\t\t\t\t\t\t\t\t<h3><strong>Transferencia internacional de datos personales.<\/strong><\/h3>\n<p><br \/>El personal que acceda a los datos personales y\/o que participe en cualquiera de los procesos que involucren datos personales, declara conocer y aceptar que la Empresa no realiza transferencia internacional de datos personales. Consecuentemente, el personal se obliga a respetar y hacer respetar esta directiva, al tiempo que deber\u00e1 dar aviso al responsable del \u00e1rea respectiva en caso que constatare una violaci\u00f3n a esta obligaci\u00f3n y\/o detectara alguna maniobra que importare la pretensi\u00f3n y\/o intenci\u00f3n de efectuar transferencia de datos de esta naturaleza.<\/p>\t\t\t\t\t\t\t\t<\/div>\n\t\t\t\t<\/div>\n\t\t\t\t\t<\/div>\n\t\t<\/div>\n\t\t\t\t\t<\/div>\n\t\t<\/section>\n\t\t\t\t<section class=\"elementor-section elementor-top-section elementor-element elementor-element-de717ca elementor-section-boxed elementor-section-height-default elementor-section-height-default\" data-id=\"de717ca\" data-element_type=\"section\" data-e-type=\"section\">\n\t\t\t\t\t\t<div class=\"elementor-container elementor-column-gap-default\">\n\t\t\t\t\t<div class=\"elementor-column elementor-col-100 elementor-top-column elementor-element elementor-element-61b1444\" data-id=\"61b1444\" data-element_type=\"column\" data-e-type=\"column\">\n\t\t\t<div class=\"elementor-widget-wrap elementor-element-populated\">\n\t\t\t\t\t\t<div class=\"elementor-element elementor-element-b424198 elementor-widget elementor-widget-text-editor\" data-id=\"b424198\" data-element_type=\"widget\" data-e-type=\"widget\" data-widget_type=\"text-editor.default\">\n\t\t\t\t<div class=\"elementor-widget-container\">\n\t\t\t\t\t\t\t\t\t<h3>Publicidad Directa.<\/h3>\n<p>El personal que acceda a los datos personales y\/o que participe en cualquiera de los procesos que involucren datos personales declara conocer y aceptar que los datos personales que integran las bases de datos de titularidad de C&amp;F, inscriptas por ante la DNPDP, son utilizados para fines comerciales y\/o para el cumplimiento de la normativa aplicable en materia laboral, previsional y de la seguridad social. Consecuentemente, el personal asume el compromiso de no utilizar los datos personales para fines publicitarios, de marketing y\/o actividades equivalentes. Sin perjuicio de ello, en caso que la Empresa divulgue comunicaciones con contenido informativo y\/o comercial, insertar\u00e1 en los mismos una leyenda que informe al receptor su derecho a ser dado de baja de las bases de datos de la Empresa y\/o, m\u00ednimamente, a ser dado de baja del listado de direcciones de correo electr\u00f3nico que reciben dichas comunicaciones.<\/p>\t\t\t\t\t\t\t\t<\/div>\n\t\t\t\t<\/div>\n\t\t\t\t\t<\/div>\n\t\t<\/div>\n\t\t\t\t\t<\/div>\n\t\t<\/section>\n\t\t\t\t<section class=\"elementor-section elementor-top-section elementor-element elementor-element-d288340 elementor-section-boxed elementor-section-height-default elementor-section-height-default\" data-id=\"d288340\" data-element_type=\"section\" data-e-type=\"section\">\n\t\t\t\t\t\t<div class=\"elementor-container elementor-column-gap-default\">\n\t\t\t\t\t<div class=\"elementor-column elementor-col-100 elementor-top-column elementor-element elementor-element-5bb43c0\" data-id=\"5bb43c0\" data-element_type=\"column\" data-e-type=\"column\">\n\t\t\t<div class=\"elementor-widget-wrap elementor-element-populated\">\n\t\t\t\t\t\t<div class=\"elementor-element elementor-element-46e7671 elementor-widget elementor-widget-text-editor\" data-id=\"46e7671\" data-element_type=\"widget\" data-e-type=\"widget\" data-widget_type=\"text-editor.default\">\n\t\t\t\t<div class=\"elementor-widget-container\">\n\t\t\t\t\t\t\t\t\t<h3>Prestaciones de servicios de tratamiento de datos por cuenta de terceros.<\/h3>\n<p><br \/>El personal que acceda a los datos personales y\/o que participe en cualquiera de los procesos que involucren datos personales tratados por cuenta de terceros, deber\u00e1 aceptar y reconocer que la Empresa y\/o el personal no podr\u00e1 utilizar tales datos para fines diversos a aquellos que permiten a la Empresa a acceder a tales datos. Dada la naturaleza de las prestaciones que realiza la Empresa, y el acceso necesario a bases de datos de Operadoras de telefon\u00eda Celular, expresamente acepta el Personal que los datos personales a los que acceda se utilizar\u00e1n con fines de facilitaci\u00f3n de un adecuado servicio a los titulares de las terminales m\u00f3viles que utilicen servicios y\/o adquieran bienes procedentes de C&amp;F.<\/p>\t\t\t\t\t\t\t\t<\/div>\n\t\t\t\t<\/div>\n\t\t\t\t\t<\/div>\n\t\t<\/div>\n\t\t\t\t\t<\/div>\n\t\t<\/section>\n\t\t\t\t<section class=\"elementor-section elementor-top-section elementor-element elementor-element-7612e10 elementor-section-boxed elementor-section-height-default elementor-section-height-default\" data-id=\"7612e10\" data-element_type=\"section\" data-e-type=\"section\">\n\t\t\t\t\t\t<div class=\"elementor-container elementor-column-gap-default\">\n\t\t\t\t\t<div class=\"elementor-column elementor-col-100 elementor-top-column elementor-element elementor-element-7a11095\" data-id=\"7a11095\" data-element_type=\"column\" data-e-type=\"column\">\n\t\t\t<div class=\"elementor-widget-wrap elementor-element-populated\">\n\t\t\t\t\t\t<div class=\"elementor-element elementor-element-e66c17d elementor-widget elementor-widget-text-editor\" data-id=\"e66c17d\" data-element_type=\"widget\" data-e-type=\"widget\" data-widget_type=\"text-editor.default\">\n\t\t\t\t<div class=\"elementor-widget-container\">\n\t\t\t\t\t\t\t\t\t<h3>Derechos de los titulares de los datos. Procedimientos.<\/h3>\n<p><br \/>El personal que acceda a los datos personales y\/o que participe en cualquiera de los\u00a0 procesos que involucren datos personales debe estar informado y, en su caso, informar respecto del a existencia y reglamentaci\u00f3n del ejercicio de los derechos de acceso, actualizaci\u00f3n, rectificaci\u00f3n y supresi\u00f3n de los datos personales. A los fines preindicados, el personal declara conocer y aceptar el r\u00e9gimen de ejercicio de estos derechos, al tiempo que deber\u00e1 conocer el alcance de dicho r\u00e9gimen de modo tal de garantizar a los titulares de los datos personales un adecuado ejercicio de estos derechos. Para garantizar el adecuado conocimiento por parte del personal de estos procedimientos, al final de esta pol\u00edtica se incluye el \u201cProcedimiento para atenci\u00f3n de Solicitudes de Titulares de Datos\u201d.<\/p>\t\t\t\t\t\t\t\t<\/div>\n\t\t\t\t<\/div>\n\t\t\t\t\t<\/div>\n\t\t<\/div>\n\t\t\t\t\t<\/div>\n\t\t<\/section>\n\t\t\t\t<section class=\"elementor-section elementor-top-section elementor-element elementor-element-cb96cc0 elementor-section-boxed elementor-section-height-default elementor-section-height-default\" data-id=\"cb96cc0\" data-element_type=\"section\" data-e-type=\"section\">\n\t\t\t\t\t\t<div class=\"elementor-container elementor-column-gap-default\">\n\t\t\t\t\t<div class=\"elementor-column elementor-col-100 elementor-top-column elementor-element elementor-element-2a7b139\" data-id=\"2a7b139\" data-element_type=\"column\" data-e-type=\"column\">\n\t\t\t<div class=\"elementor-widget-wrap elementor-element-populated\">\n\t\t\t\t\t\t<div class=\"elementor-element elementor-element-4dd87f5 elementor-widget elementor-widget-text-editor\" data-id=\"4dd87f5\" data-element_type=\"widget\" data-e-type=\"widget\" data-widget_type=\"text-editor.default\">\n\t\t\t\t<div class=\"elementor-widget-container\">\n\t\t\t\t\t\t\t\t\t<h3><strong>Encargados de Protecci\u00f3n de Datos.<\/strong><\/h3>\n<p><br \/>A efectos de una adecuada tutela de los datos personales, el\/la Gerente de la Empresa ha designado como encargado de la protecci\u00f3n de los datos al Gerente Administrativo y Financiero de la Empresa, quien es el encargado de velar en lo interno de la Empresa en todo lo<br \/>concerniente a la protecci\u00f3n de los datos personales y el tratamiento de los mismos en cualquiera de sus procesos. El responsable de la relaci\u00f3n de la Empresa con la DNPDP es el\/la Gerente de la Empresa.<\/p>\t\t\t\t\t\t\t\t<\/div>\n\t\t\t\t<\/div>\n\t\t\t\t\t<\/div>\n\t\t<\/div>\n\t\t\t\t\t<\/div>\n\t\t<\/section>\n\t\t\t\t<section class=\"elementor-section elementor-top-section elementor-element elementor-element-bce19ac elementor-section-boxed elementor-section-height-default elementor-section-height-default\" data-id=\"bce19ac\" data-element_type=\"section\" data-e-type=\"section\">\n\t\t\t\t\t\t<div class=\"elementor-container elementor-column-gap-default\">\n\t\t\t\t\t<div class=\"elementor-column elementor-col-100 elementor-top-column elementor-element elementor-element-de70585\" data-id=\"de70585\" data-element_type=\"column\" data-e-type=\"column\">\n\t\t\t<div class=\"elementor-widget-wrap elementor-element-populated\">\n\t\t\t\t\t\t<div class=\"elementor-element elementor-element-8af351d elementor-widget elementor-widget-text-editor\" data-id=\"8af351d\" data-element_type=\"widget\" data-e-type=\"widget\" data-widget_type=\"text-editor.default\">\n\t\t\t\t<div class=\"elementor-widget-container\">\n\t\t\t\t\t\t\t\t\t<h3>Implementaci\u00f3n y Ejecuci\u00f3n de la pol\u00edtica en la Empresa.<\/h3>\n<p>Capacitaci\u00f3n la Empresa garantiza el tratamiento acorde a la ley de los datos personales que integran sus bases de datos, como as\u00ed tambi\u00e9n, el tratamiento de datos personales que realice por cuenta de terceros.<br \/>Consecuentemente, la implementaci\u00f3n y ejecuci\u00f3n de esta pol\u00edtica requiere que el personal afectado conozca cabalmente esta pol\u00edtica, manuales, procedimiento para atenci\u00f3n de solicitudes y dem\u00e1s materias vinculadas a la protecci\u00f3n de los datos personales. La adecuada ejecuci\u00f3n de la pol\u00edtica de privacidad de la Empresa requiere del compromiso de todos y cada uno de los miembros del personal que acceda a dichos datos, considerando la Empresa que cualquier falta por acci\u00f3n y\/o por omisi\u00f3n de un empleado, podr\u00e1 ser causal de apercibimiento laboral, a sus efectos.<\/p>\n<p>Formar parte del personal de la Empresa que acceda a datos personales y\/o intervenga en cualquiera de los procesos que involucren datos personales, requiere el compromiso de participaci\u00f3n de los empleados en cualquier acci\u00f3n de capacitaci\u00f3n que la Empresa proponga. Sin perjuicio de ello, queda establecido que el Gerente Administrativo y Financiero es el responsable de instruir a cada uno de los nuevos empleados en relaci\u00f3n a la existencia de esta pol\u00edtica, con car\u00e1cter previo a la contrataci\u00f3n. Como resultado de dicha capacitaci\u00f3n, el empleado deber\u00e1 firmar el convenio de confidencialidad respectivo, lo que deviene en un requisito ineludible impuesto por la Empresa para formalizar la contrataci\u00f3n.<\/p>\t\t\t\t\t\t\t\t<\/div>\n\t\t\t\t<\/div>\n\t\t\t\t\t<\/div>\n\t\t<\/div>\n\t\t\t\t\t<\/div>\n\t\t<\/section>\n\t\t\t\t<section class=\"elementor-section elementor-top-section elementor-element elementor-element-57b0211 elementor-section-boxed elementor-section-height-default elementor-section-height-default\" data-id=\"57b0211\" data-element_type=\"section\" data-e-type=\"section\">\n\t\t\t\t\t\t<div class=\"elementor-container elementor-column-gap-default\">\n\t\t\t\t\t<div class=\"elementor-column elementor-col-100 elementor-top-column elementor-element elementor-element-f49b9c7\" data-id=\"f49b9c7\" data-element_type=\"column\" data-e-type=\"column\">\n\t\t\t<div class=\"elementor-widget-wrap elementor-element-populated\">\n\t\t\t\t\t\t<div class=\"elementor-element elementor-element-4da8618 elementor-widget elementor-widget-text-editor\" data-id=\"4da8618\" data-element_type=\"widget\" data-e-type=\"widget\" data-widget_type=\"text-editor.default\">\n\t\t\t\t<div class=\"elementor-widget-container\">\n\t\t\t\t\t\t\t\t\t<h3>Auditor\u00eda sobre su Cumplimiento. Notificaci\u00f3n de Incidentes.<\/h3>\n<p><br \/>El Gerente Administrativo y Financiero tiene a su cargo la realizaci\u00f3n de auditor\u00edas peri\u00f3dicas; dada la magnitud de la empresa, estas funciones de auditor\u00eda se realizan en forma diaria y permanente, teniendo a su cargo la correcci\u00f3n y\/o rectificaci\u00f3n de incidentes verificados con vista al Presidente de la Empresa. El personal acepta y reconoce que cualquier acci\u00f3n y\/u omisi\u00f3n en el cumplimiento de esta pol\u00edtica que ponga en riesgo la confidencialidad y adecuado tratamiento de los datos personales puede ser, seg\u00fan las circunstancias, causal de apercibimiento e, incluso,<br \/>suspensi\u00f3n. El Gerente Administrativo y Financiero, en conjunto con el Presidente de la Empresa, ser\u00e1n los encargados de determinar los niveles de responsabilidad en cualquier incidente verificado, y de determinar las eventuales sanciones a aplicar.<\/p>\t\t\t\t\t\t\t\t<\/div>\n\t\t\t\t<\/div>\n\t\t\t\t\t<\/div>\n\t\t<\/div>\n\t\t\t\t\t<\/div>\n\t\t<\/section>\n\t\t\t\t<\/div>","protected":false},"excerpt":{"rendered":"<p>A continuaci\u00f3n te detallamos las pol\u00edticas de privacidad de nuestra compa\u00f1\u00eda: Objeto El objeto de la pol\u00edtica de privacidad de C &amp; F S.R.L. (\u201cC&amp;F\u201d o la \u201cEmpresa\u201d), consiste en la protecci\u00f3n integral de los datos personales asentados en los registros y bancos de datos de la Empresa, se traten los mismos de los empleados, [&hellip;]<\/p>\n","protected":false},"author":2,"featured_media":0,"parent":0,"menu_order":0,"comment_status":"closed","ping_status":"closed","template":"","meta":{"footnotes":""},"class_list":["post-767","page","type-page","status-publish","hentry"],"yoast_head":"<!-- This site is optimized with the Yoast SEO plugin v27.0 - https:\/\/yoast.com\/product\/yoast-seo-wordpress\/ -->\n<title>Pol\u00edtica de privacidad C&amp;F S.R.L. - C&amp;F S.R.L.<\/title>\n<meta name=\"robots\" content=\"index, follow, max-snippet:-1, max-image-preview:large, max-video-preview:-1\" \/>\n<link rel=\"canonical\" href=\"https:\/\/cyfsrl.com.ar\/en\/politica-de-privacidad-cf-s-r-l\/\" \/>\n<meta property=\"og:locale\" content=\"en_US\" \/>\n<meta property=\"og:type\" content=\"article\" \/>\n<meta property=\"og:title\" content=\"Pol\u00edtica de privacidad C&amp;F S.R.L. - C&amp;F S.R.L.\" \/>\n<meta property=\"og:description\" content=\"A continuaci\u00f3n te detallamos las pol\u00edticas de privacidad de nuestra compa\u00f1\u00eda: Objeto El objeto de la pol\u00edtica de privacidad de C &amp; F S.R.L. (\u201cC&amp;F\u201d o la \u201cEmpresa\u201d), consiste en la protecci\u00f3n integral de los datos personales asentados en los registros y bancos de datos de la Empresa, se traten los mismos de los empleados, [&hellip;]\" \/>\n<meta property=\"og:url\" content=\"https:\/\/cyfsrl.com.ar\/en\/politica-de-privacidad-cf-s-r-l\/\" \/>\n<meta property=\"og:site_name\" content=\"C&amp;F S.R.L.\" \/>\n<meta property=\"article:modified_time\" content=\"2022-03-02T11:07:48+00:00\" \/>\n<meta name=\"twitter:card\" content=\"summary_large_image\" \/>\n<meta name=\"twitter:label1\" content=\"Est. reading time\" \/>\n\t<meta name=\"twitter:data1\" content=\"11 minutes\" \/>\n<script type=\"application\/ld+json\" class=\"yoast-schema-graph\">{\"@context\":\"https:\/\/schema.org\",\"@graph\":[{\"@type\":\"WebPage\",\"@id\":\"https:\/\/cyfsrl.com.ar\/politica-de-privacidad-cf-s-r-l\/\",\"url\":\"https:\/\/cyfsrl.com.ar\/politica-de-privacidad-cf-s-r-l\/\",\"name\":\"Pol\u00edtica de privacidad C&F S.R.L. - C&amp;F S.R.L.\",\"isPartOf\":{\"@id\":\"https:\/\/cyfsrl.com.ar\/#website\"},\"datePublished\":\"2022-03-02T07:39:54+00:00\",\"dateModified\":\"2022-03-02T11:07:48+00:00\",\"breadcrumb\":{\"@id\":\"https:\/\/cyfsrl.com.ar\/politica-de-privacidad-cf-s-r-l\/#breadcrumb\"},\"inLanguage\":\"en-US\",\"potentialAction\":[{\"@type\":\"ReadAction\",\"target\":[\"https:\/\/cyfsrl.com.ar\/politica-de-privacidad-cf-s-r-l\/\"]}]},{\"@type\":\"BreadcrumbList\",\"@id\":\"https:\/\/cyfsrl.com.ar\/politica-de-privacidad-cf-s-r-l\/#breadcrumb\",\"itemListElement\":[{\"@type\":\"ListItem\",\"position\":1,\"name\":\"Portada\",\"item\":\"https:\/\/cyfsrl.com.ar\/\"},{\"@type\":\"ListItem\",\"position\":2,\"name\":\"Pol\u00edtica de privacidad C&#038;F S.R.L.\"}]},{\"@type\":\"WebSite\",\"@id\":\"https:\/\/cyfsrl.com.ar\/#website\",\"url\":\"https:\/\/cyfsrl.com.ar\/\",\"name\":\"C&amp;F S.R.L.\",\"description\":\"\",\"publisher\":{\"@id\":\"https:\/\/cyfsrl.com.ar\/#organization\"},\"potentialAction\":[{\"@type\":\"SearchAction\",\"target\":{\"@type\":\"EntryPoint\",\"urlTemplate\":\"https:\/\/cyfsrl.com.ar\/?s={search_term_string}\"},\"query-input\":{\"@type\":\"PropertyValueSpecification\",\"valueRequired\":true,\"valueName\":\"search_term_string\"}}],\"inLanguage\":\"en-US\"},{\"@type\":\"Organization\",\"@id\":\"https:\/\/cyfsrl.com.ar\/#organization\",\"name\":\"C&amp;F S.R.L.\",\"url\":\"https:\/\/cyfsrl.com.ar\/\",\"logo\":{\"@type\":\"ImageObject\",\"inLanguage\":\"en-US\",\"@id\":\"https:\/\/cyfsrl.com.ar\/#\/schema\/logo\/image\/\",\"url\":\"https:\/\/cyfsrl.com.ar\/wp-content\/uploads\/2021\/11\/NOV-33-scaled.png\",\"contentUrl\":\"https:\/\/cyfsrl.com.ar\/wp-content\/uploads\/2021\/11\/NOV-33-scaled.png\",\"width\":2560,\"height\":1194,\"caption\":\"C&amp;F S.R.L.\"},\"image\":{\"@id\":\"https:\/\/cyfsrl.com.ar\/#\/schema\/logo\/image\/\"}}]}<\/script>\n<!-- \/ Yoast SEO plugin. -->","yoast_head_json":{"title":"Pol\u00edtica de privacidad C&F S.R.L. - C&amp;F S.R.L.","robots":{"index":"index","follow":"follow","max-snippet":"max-snippet:-1","max-image-preview":"max-image-preview:large","max-video-preview":"max-video-preview:-1"},"canonical":"https:\/\/cyfsrl.com.ar\/en\/politica-de-privacidad-cf-s-r-l\/","og_locale":"en_US","og_type":"article","og_title":"Pol\u00edtica de privacidad C&F S.R.L. - C&amp;F S.R.L.","og_description":"A continuaci\u00f3n te detallamos las pol\u00edticas de privacidad de nuestra compa\u00f1\u00eda: Objeto El objeto de la pol\u00edtica de privacidad de C &amp; F S.R.L. (\u201cC&amp;F\u201d o la \u201cEmpresa\u201d), consiste en la protecci\u00f3n integral de los datos personales asentados en los registros y bancos de datos de la Empresa, se traten los mismos de los empleados, [&hellip;]","og_url":"https:\/\/cyfsrl.com.ar\/en\/politica-de-privacidad-cf-s-r-l\/","og_site_name":"C&amp;F S.R.L.","article_modified_time":"2022-03-02T11:07:48+00:00","twitter_card":"summary_large_image","twitter_misc":{"Est. reading time":"11 minutes"},"schema":{"@context":"https:\/\/schema.org","@graph":[{"@type":"WebPage","@id":"https:\/\/cyfsrl.com.ar\/politica-de-privacidad-cf-s-r-l\/","url":"https:\/\/cyfsrl.com.ar\/politica-de-privacidad-cf-s-r-l\/","name":"Pol\u00edtica de privacidad C&F S.R.L. - C&amp;F S.R.L.","isPartOf":{"@id":"https:\/\/cyfsrl.com.ar\/#website"},"datePublished":"2022-03-02T07:39:54+00:00","dateModified":"2022-03-02T11:07:48+00:00","breadcrumb":{"@id":"https:\/\/cyfsrl.com.ar\/politica-de-privacidad-cf-s-r-l\/#breadcrumb"},"inLanguage":"en-US","potentialAction":[{"@type":"ReadAction","target":["https:\/\/cyfsrl.com.ar\/politica-de-privacidad-cf-s-r-l\/"]}]},{"@type":"BreadcrumbList","@id":"https:\/\/cyfsrl.com.ar\/politica-de-privacidad-cf-s-r-l\/#breadcrumb","itemListElement":[{"@type":"ListItem","position":1,"name":"Portada","item":"https:\/\/cyfsrl.com.ar\/"},{"@type":"ListItem","position":2,"name":"Pol\u00edtica de privacidad C&#038;F S.R.L."}]},{"@type":"WebSite","@id":"https:\/\/cyfsrl.com.ar\/#website","url":"https:\/\/cyfsrl.com.ar\/","name":"C&amp;F S.R.L.","description":"","publisher":{"@id":"https:\/\/cyfsrl.com.ar\/#organization"},"potentialAction":[{"@type":"SearchAction","target":{"@type":"EntryPoint","urlTemplate":"https:\/\/cyfsrl.com.ar\/?s={search_term_string}"},"query-input":{"@type":"PropertyValueSpecification","valueRequired":true,"valueName":"search_term_string"}}],"inLanguage":"en-US"},{"@type":"Organization","@id":"https:\/\/cyfsrl.com.ar\/#organization","name":"C&amp;F S.R.L.","url":"https:\/\/cyfsrl.com.ar\/","logo":{"@type":"ImageObject","inLanguage":"en-US","@id":"https:\/\/cyfsrl.com.ar\/#\/schema\/logo\/image\/","url":"https:\/\/cyfsrl.com.ar\/wp-content\/uploads\/2021\/11\/NOV-33-scaled.png","contentUrl":"https:\/\/cyfsrl.com.ar\/wp-content\/uploads\/2021\/11\/NOV-33-scaled.png","width":2560,"height":1194,"caption":"C&amp;F S.R.L."},"image":{"@id":"https:\/\/cyfsrl.com.ar\/#\/schema\/logo\/image\/"}}]}},"_links":{"self":[{"href":"https:\/\/cyfsrl.com.ar\/en\/wp-json\/wp\/v2\/pages\/767","targetHints":{"allow":["GET"]}}],"collection":[{"href":"https:\/\/cyfsrl.com.ar\/en\/wp-json\/wp\/v2\/pages"}],"about":[{"href":"https:\/\/cyfsrl.com.ar\/en\/wp-json\/wp\/v2\/types\/page"}],"author":[{"embeddable":true,"href":"https:\/\/cyfsrl.com.ar\/en\/wp-json\/wp\/v2\/users\/2"}],"replies":[{"embeddable":true,"href":"https:\/\/cyfsrl.com.ar\/en\/wp-json\/wp\/v2\/comments?post=767"}],"version-history":[{"count":46,"href":"https:\/\/cyfsrl.com.ar\/en\/wp-json\/wp\/v2\/pages\/767\/revisions"}],"predecessor-version":[{"id":813,"href":"https:\/\/cyfsrl.com.ar\/en\/wp-json\/wp\/v2\/pages\/767\/revisions\/813"}],"wp:attachment":[{"href":"https:\/\/cyfsrl.com.ar\/en\/wp-json\/wp\/v2\/media?parent=767"}],"curies":[{"name":"wp","href":"https:\/\/api.w.org\/{rel}","templated":true}]}}